{"id":15,"date":"2022-03-31T10:13:27","date_gmt":"2022-03-31T10:13:27","guid":{"rendered":"https:\/\/defensaspenalesvalencia.es\/?page_id=15"},"modified":"2024-06-05T09:39:12","modified_gmt":"2024-06-05T09:39:12","slug":"inicio","status":"publish","type":"page","link":"https:\/\/defensapenal.es\/","title":{"rendered":"Inicio"},"content":{"rendered":"<p>[vc_row full_width=\u00bbstretch_row_content_no_spaces\u00bb css=\u00bb.vc_custom_1703151538579{margin-top: -25px !important;background-color: #770000 !important;}\u00bb][vc_column][vc_column_text]<\/p>\n<h2 style=\"text-align: center;\">ABOGADOS PENALISTAS EN VALENCIA<\/h2>\n<h4 style=\"text-align: center;\"><span style=\"color: #ffffff;\">Despacho en Av. Primado Reig, 94-12\u00aa Valencia<\/span><\/h4>\n<h4 style=\"text-align: center;\"><span style=\"color: #ffffff;\">Llam\u00e1nos: <a style=\"color: #ffffff;\" href=\"tel:+34609600546\">609 600 546<\/a><\/span><\/h4>\n<p>[\/vc_column_text][\/vc_column][\/vc_row][vc_row el_id=\u00bbquienessomos\u00bb][vc_column][vc_row_inner content_placement=\u00bbmiddle\u00bb][vc_column_inner width=\u00bb1\/2&#8243;]<div id=\"ultimate-heading-759369f08a5eaa273\" class=\"uvc-heading ult-adjust-bottom-margin ultimate-heading-759369f08a5eaa273 uvc-3529 \" data-hspacer=\"line_only\"  data-halign=\"center\" style=\"text-align:center\"><div class=\"uvc-main-heading ult-responsive\"  data-ultimate-target='.uvc-heading.ultimate-heading-759369f08a5eaa273 h3'  data-responsive-json-new='{\"font-size\":\"\",\"line-height\":\"\"}' ><h3 style=\"font-weight:normal;\">QUIENES SOMOS<\/h3><\/div><div class=\"uvc-heading-spacer line_only\" style=\"topheight:0.2px;\"><span class=\"uvc-headings-line\" style=\"border-style:solid;border-bottom-width:0.2px;border-color:#000000;width:50px;\"><\/span><\/div><\/div>[vc_empty_space][vc_column_text]<\/p>\n<p style=\"text-align: center;\"><strong>Ortega Abogados Penalistas, especializados en derecho penal en VALENCIA. <\/strong>M\u00e1s de 30 a\u00f1os de experiencia profesional avalan nuestra gesti\u00f3n en el campo del derecho penal, asistiendo a nuestros clientes en las diligencias policiales, en las declaraciones ante el Juzgado, en juicios penales.<\/p>\n<p style=\"text-align: center;\"><strong>Juicios R\u00e1pidos Alcoholemia<\/strong><br \/>\n<strong>Abogados especialistas en delitos de tr\u00e1fico<\/strong><\/p>\n<p style=\"text-align: center;\"><span style=\"font-size: 14pt;\"><strong><span style=\"color: #ff0000;\">Honorarios: Pago fraccionado hasta 6 meses sin intereses.<\/span><\/strong><\/span><\/p>\n<div class=\"elementor-element elementor-element-68df7a3 elementor-widget elementor-widget-text-editor\" data-id=\"68df7a3\" data-element_type=\"widget\" data-widget_type=\"text-editor.default\">\n<div class=\"elementor-widget-container\">\n<div class=\"elementor-text-editor elementor-clearfix\">\n<div class=\"wpb_raw_code wpb_content_element wpb_raw_html\">\n<div class=\"wpb_wrapper\">\n<ul class=\"fa-ul\">\n<li><i class=\"fa fa-li fa-check color-gold\">\u00a0<\/i>Asistencia durante todo el proceso judicial<\/li>\n<li><i class=\"fa fa-li fa-check color-gold\">\u00a0<\/i>Contacto 24 h. con su abogado experto penalista<\/li>\n<li><i class=\"fa fa-li fa-check color-gold\">\u00a0<\/i>Absoluta confidencialidad<\/li>\n<\/ul>\n<\/div>\n<\/div>\n<\/div>\n<\/div>\n<\/div>\n<p>[\/vc_column_text][\/vc_column_inner][vc_column_inner width=\u00bb1\/2&#8243;][vc_single_image image=\u00bb35&#8243; img_size=\u00bbfull\u00bb alignment=\u00bbright\u00bb][\/vc_column_inner][\/vc_row_inner][\/vc_column][\/vc_row][vc_row full_width=\u00bbstretch_row\u00bb el_id=\u00bbareasdetrabajo\u00bb css=\u00bb.vc_custom_1703151560666{background-color: #990000 !important;}\u00bb][vc_column][vc_row_inner][vc_column_inner]<div id=\"ultimate-heading-895369f08a5eaa2a1\" class=\"uvc-heading ult-adjust-bottom-margin ultimate-heading-895369f08a5eaa2a1 uvc-8004 \" data-hspacer=\"line_only\"  data-halign=\"center\" style=\"text-align:center\"><div class=\"uvc-main-heading ult-responsive\"  data-ultimate-target='.uvc-heading.ultimate-heading-895369f08a5eaa2a1 h3'  data-responsive-json-new='{\"font-size\":\"\",\"line-height\":\"\"}' ><h3 style=\"font-weight:normal;color:#ffffff;\">\u00c1REAS DE TRABAJO<\/h3><\/div><div class=\"uvc-heading-spacer line_only\" style=\"topheight:0.2px;\"><span class=\"uvc-headings-line\" style=\"border-style:solid;border-bottom-width:0.2px;border-color:#ffffff;width:50px;\"><\/span><\/div><\/div>[vc_empty_space][\/vc_column_inner][\/vc_row_inner][vc_row_inner gap=\u00bb35&#8243;][vc_column_inner width=\u00bb1\/3&#8243;][vc_single_image image=\u00bb49&#8243; img_size=\u00bbfull\u00bb alignment=\u00bbcenter\u00bb][vc_column_text el_class=\u00bbtxtblanco\u00bb]<\/p>\n<h4 style=\"text-align: center;\">SEGURIDAD VIAL Y ALCOHOLEMIA<\/h4>\n<p style=\"text-align: center;\">Si le practica la polic\u00eda o la Guardia Civil medici\u00f3n de alcoholemia, no dude en ponerse en contacto con nuestro despacho.<\/p>\n<p>[\/vc_column_text][\/vc_column_inner][vc_column_inner width=\u00bb1\/3&#8243;][vc_single_image image=\u00bb40&#8243; img_size=\u00bbfull\u00bb alignment=\u00bbcenter\u00bb][vc_column_text el_class=\u00bbtxtblanco\u00bb]<\/p>\n<h4 style=\"text-align: center;\">VIOLENCIA DE G\u00c9NERO<\/h4>\n<p style=\"text-align: center;\">Delito de agresi\u00f3n f\u00edsica, agresi\u00f3n psicol\u00f3gica, agresiones sexuales y en el \u00e1mbito familiar.<\/p>\n<p>[\/vc_column_text][\/vc_column_inner][vc_column_inner width=\u00bb1\/3&#8243;][vc_single_image image=\u00bb43&#8243; img_size=\u00bbfull\u00bb alignment=\u00bbcenter\u00bb][vc_column_text el_class=\u00bbtxtblanco\u00bb]<\/p>\n<h4 style=\"text-align: center;\">DELITOS CON VIOLENCIA<\/h4>\n<p style=\"text-align: center;\">Defendemos a las personas involucradas en alg\u00fan delito con violencia, como asesinato y\u00a0homicidio, lesiones o robo\u00a0con violencia, Detenci\u00f3n ilegal y secuestro Amenazas y coacciones<\/p>\n<p>[\/vc_column_text][\/vc_column_inner][\/vc_row_inner][vc_row_inner gap=\u00bb35&#8243;][vc_column_inner width=\u00bb1\/3&#8243;][vc_single_image image=\u00bb50&#8243; img_size=\u00bbfull\u00bb alignment=\u00bbcenter\u00bb][vc_column_text el_class=\u00bbtxtblanco\u00bb]<\/p>\n<h4 style=\"text-align: center;\">DELITO DE ABANDONO DE FAMILIA \u2013 IMPAGO DE PENSIONES ALIMENTICIAS<\/h4>\n<p style=\"text-align: center;\">&#8212;<\/p>\n<p>[\/vc_column_text][\/vc_column_inner][vc_column_inner width=\u00bb1\/3&#8243;][vc_single_image image=\u00bb44&#8243; img_size=\u00bbfull\u00bb alignment=\u00bbcenter\u00bb][vc_column_text el_class=\u00bbtxtblanco\u00bb]<\/p>\n<h4 style=\"text-align: center;\">TR\u00c1FICO DE DROGAS<\/h4>\n<p style=\"text-align: center;\">Defendemos a las personas acusadas de un delito de drogas relacionados con la posesi\u00f3n de drogas, la fabricaci\u00f3n o cultivo de sustancias o el tr\u00e1fico de coca\u00edna,\u00a0 marihuana o cualquier otra sustancia ilegal.<\/p>\n<p>[\/vc_column_text][\/vc_column_inner][vc_column_inner width=\u00bb1\/3&#8243;][vc_single_image image=\u00bb42&#8243; img_size=\u00bbfull\u00bb alignment=\u00bbcenter\u00bb][vc_column_text el_class=\u00bbtxtblanco\u00bb]<\/p>\n<h4 style=\"text-align: center;\">DELITO DE MENORES<\/h4>\n<p style=\"text-align: center;\">Ante la Fiscal\u00eda y Tribunal de Menores<\/p>\n<p>[\/vc_column_text][\/vc_column_inner][\/vc_row_inner][\/vc_column][\/vc_row][vc_row el_id=\u00bbcomotrabajamos\u00bb][vc_column][vc_row_inner][vc_column_inner]<div id=\"ultimate-heading-941769f08a5eaa2bf\" class=\"uvc-heading ult-adjust-bottom-margin ultimate-heading-941769f08a5eaa2bf uvc-4437 \" data-hspacer=\"line_only\"  data-halign=\"center\" style=\"text-align:center\"><div class=\"uvc-main-heading ult-responsive\"  data-ultimate-target='.uvc-heading.ultimate-heading-941769f08a5eaa2bf h3'  data-responsive-json-new='{\"font-size\":\"\",\"line-height\":\"\"}' ><h3 style=\"font-weight:normal;color:#000000;\">C\u00d3MO TRABAJAMOS<\/h3><\/div><div class=\"uvc-heading-spacer line_only\" style=\"topheight:0.2px;\"><span class=\"uvc-headings-line\" style=\"border-style:solid;border-bottom-width:0.2px;border-color:#000000;width:50px;\"><\/span><\/div><\/div>[vc_empty_space][\/vc_column_inner][\/vc_row_inner][vc_row_inner][vc_column_inner][vc_column_text]<\/p>\n<p style=\"text-align: center;\">Desde que Ud. se ponga en comunicaci\u00f3n con nuestro despacho, recibir\u00e1 una primera valoraci\u00f3n de su asunto penal, le daremos hora para una visita personal donde ser\u00e1 atendido por un abogado especialista en derecho penal con amplia experiencia y con total confidencialidad, le ofrecemos:<\/p>\n<p>[\/vc_column_text][\/vc_column_inner][\/vc_row_inner][vc_row_inner][vc_column_inner width=\u00bb1\/4&#8243;][\/vc_column_inner][vc_column_inner width=\u00bb1\/2&#8243;][vc_column_text]<\/p>\n<ul>\n<li><span style=\"color: #990000;\"><strong>Desde el primer momento, transparencia en su defensa y le informaremos de todos los tramites de su proceso.<\/strong><\/span><\/li>\n<li><span style=\"color: #990000;\"><strong>Desde la primera llamada le asesoraremos de los pasos que tiene que dar.<\/strong><\/span><\/li>\n<li><span style=\"color: #990000;\"><strong>En las declaraciones ante la polic\u00eda o Guardia Civil, siempre ira acompa\u00f1ado del mismo abogado.<\/strong><\/span><\/li>\n<li><span style=\"color: #990000;\"><strong>Siempre atendido por el mismo abogado a lo largo de todo el procedimiento penal, lo que le facilitara su comunicaci\u00f3n.<\/strong><\/span><\/li>\n<li><span style=\"color: #990000;\"><strong>Presupuesto cerrado y por escrito.<\/strong><\/span><\/li>\n<li><span style=\"color: #990000;\"><strong>Precios ajustados a su situaci\u00f3n, con facilidades de pago. <\/strong><\/span><\/li>\n<\/ul>\n<p>[\/vc_column_text][\/vc_column_inner][vc_column_inner width=\u00bb1\/4&#8243;][\/vc_column_inner][\/vc_row_inner][vc_row_inner][vc_column_inner][vc_column_text]<\/p>\n<p style=\"text-align: center;\">Queremos transmitirle la seguridad que estar\u00e1 usted asesorado y defendido por un abogado especialista en derecho penal, le aconsejar\u00e1 en todo momento lo que debe hacer.<\/p>\n<p style=\"text-align: center;\"><strong>RECUERDE QUE EL CONSEJO DE SU ABOGADO EVITAR\u00c1 QUE USTED TENGA PROBLEMAS O QUE ESTOS TENGAN MEJOR SOLUCI\u00d3N.<\/strong><\/p>\n<p>[\/vc_column_text][\/vc_column_inner][\/vc_row_inner][\/vc_column][\/vc_row][vc_row full_width=\u00bbstretch_row_content_no_spaces\u00bb css=\u00bb.vc_custom_1703151607499{margin-top: -30px !important;background-color: #770000 !important;}\u00bb][vc_column][vc_column_text]<\/p>\n<h2 style=\"text-align: center;\">NUNCA DECLARE SIN LA PRESENCIA DE SU ABOGADO PENALISTA<\/h2>\n<p>[\/vc_column_text][\/vc_column][\/vc_row][vc_row full_width=\u00bbstretch_row\u00bb bg_type=\u00bbimage\u00bb parallax_style=\u00bbvcpb-default\u00bb bg_image_new=\u00bbid^60|url^https:\/\/defensaspenalesvalencia.es\/wp-content\/uploads\/2022\/03\/sanmiguel-abogados.jpg|caption^null|alt^null|title^sanmiguel-abogados|description^null\u00bb bg_image_repeat=\u00bbno-repeat\u00bb bg_image_posiiton=\u00bb100% 100%\u00bb css=\u00bb.vc_custom_1648726800067{margin-top: 30px !important;}\u00bb el_id=\u00bbloquedebesaber\u00bb][vc_column]<div id=\"ultimate-heading-997269f08a5eaa2da\" class=\"uvc-heading ult-adjust-bottom-margin ultimate-heading-997269f08a5eaa2da uvc-6028 \" data-hspacer=\"line_only\"  data-halign=\"center\" style=\"text-align:center\"><div class=\"uvc-main-heading ult-responsive\"  data-ultimate-target='.uvc-heading.ultimate-heading-997269f08a5eaa2da h3'  data-responsive-json-new='{\"font-size\":\"\",\"line-height\":\"\"}' ><h3 style=\"font-weight:normal;color:#000000;\">LO QUE DEBE SABER<\/h3><\/div><div class=\"uvc-heading-spacer line_only\" style=\"topheight:0.2px;\"><span class=\"uvc-headings-line\" style=\"border-style:solid;border-bottom-width:0.2px;border-color:#000000;width:50px;\"><\/span><\/div><\/div>[vc_empty_space][vc_row_inner][vc_column_inner width=\u00bb1\/2&#8243;][vc_column_text]Ante una detenci\u00f3n por la polic\u00eda o la Guardia Civil, sepa que tiene derecho a:<\/p>\n<ul>\n<li>Tiene derecho a guardar silencio no declarando si no quiere, a no contestar alguna o algunas de las preguntas que se le formulen (Es un derecho Constitucional).<\/li>\n<li>Derecho a no declarar contra si mismo y a no confesarse culpable.<\/li>\n<li>Derecho a designar a un abogado penalista.<\/li>\n<li>Igualmente, su abogado tiene derecho a que se le informe del motivo de su detenci\u00f3n y a consultar las actuaciones.<\/li>\n<li>Derecho a que se ponga en conocimiento de alg\u00fan familiar su detenci\u00f3n y el lugar donde se encuentra.<\/li>\n<\/ul>\n<p>[\/vc_column_text][\/vc_column_inner][vc_column_inner width=\u00bb1\/2&#8243;][\/vc_column_inner][\/vc_row_inner][\/vc_column][\/vc_row][vc_row full_width=\u00bbstretch_row_content_no_spaces\u00bb css=\u00bb.vc_custom_1703151619313{margin-top: 30px !important;background-color: #990000 !important;}\u00bb][vc_column][vc_column_text]<\/p>\n<h2 style=\"text-align: center;\">LL\u00c1MENOS ENSEGUIDA &#8211; <span style=\"color: #ffffff;\"><strong><a style=\"color: #ffffff;\" href=\"tel:609 600 546\">609 600 546<\/a><\/strong><\/span><\/h2>\n<p>[\/vc_column_text][\/vc_column][\/vc_row][vc_row full_width=\u00bbstretch_row\u00bb css=\u00bb.vc_custom_1703151628980{margin-top: 30px !important;background-color: #770000 !important;}\u00bb el_id=\u00bbcontacto\u00bb][vc_column][vc_row_inner][vc_column_inner]<div id=\"ultimate-heading-202269f08a5eaa2fc\" class=\"uvc-heading ult-adjust-bottom-margin ultimate-heading-202269f08a5eaa2fc uvc-6119 \" data-hspacer=\"line_only\"  data-halign=\"center\" style=\"text-align:center\"><div class=\"uvc-main-heading ult-responsive\"  data-ultimate-target='.uvc-heading.ultimate-heading-202269f08a5eaa2fc h3'  data-responsive-json-new='{\"font-size\":\"\",\"line-height\":\"\"}' ><h3 style=\"font-weight:normal;color:#ffffff;\">DATOS DE CONTACTO<\/h3><\/div><div class=\"uvc-heading-spacer line_only\" style=\"topheight:0.2px;\"><span class=\"uvc-headings-line\" style=\"border-style:solid;border-bottom-width:0.2px;border-color:#ffffff;width:50px;\"><\/span><\/div><\/div>[vc_empty_space][\/vc_column_inner][\/vc_row_inner][vc_row_inner][vc_column_inner width=\u00bb1\/2&#8243;][vc_column_text el_class=\u00bbtxtblanco\u00bb]GONZALO ORTEGA ABOGADO &#8211;\u00a0 Despacho Penalista<\/p>\n<p>Av. Primado Reig, 94-12\u00aa en Valencia<\/p>\n<p><a href=\"mailto:ortega@ortegajuridico.es\"><span style=\"font-size: 18pt;\">ortega@ortegajuridico.es<\/span><\/a> | <a href=\"tel:+34609600546\"><span style=\"font-size: 18pt;\">609600546<\/span><\/a>[\/vc_column_text][\/vc_column_inner][vc_column_inner width=\u00bb1\/2&#8243;]<div role=\"form\" class=\"wpcf7\" id=\"wpcf7-f14-o1\" lang=\"es-ES\" dir=\"ltr\">\n<div class=\"screen-reader-response\"><p role=\"status\" aria-live=\"polite\" aria-atomic=\"true\"><\/p> <ul><\/ul><\/div>\n<form action=\"\/index.php?rest_route=%2Fwp%2Fv2%2Fpages%2F15#wpcf7-f14-o1\" method=\"post\" class=\"wpcf7-form init\" novalidate=\"novalidate\" data-status=\"init\">\n<div style=\"display: none;\">\n<input type=\"hidden\" name=\"_wpcf7\" value=\"14\" \/>\n<input type=\"hidden\" name=\"_wpcf7_version\" value=\"5.5.6\" \/>\n<input type=\"hidden\" name=\"_wpcf7_locale\" value=\"es_ES\" \/>\n<input type=\"hidden\" name=\"_wpcf7_unit_tag\" value=\"wpcf7-f14-o1\" \/>\n<input type=\"hidden\" name=\"_wpcf7_container_post\" value=\"0\" \/>\n<input type=\"hidden\" name=\"_wpcf7_posted_data_hash\" value=\"\" \/>\n<input type=\"hidden\" name=\"_wpcf7_recaptcha_response\" value=\"\" \/>\n<\/div>\n<table>\n<tr>\n<td>Nombre:<\/td>\n<td><span class=\"wpcf7-form-control-wrap nombre\"><input type=\"text\" name=\"nombre\" value=\"\" size=\"40\" class=\"wpcf7-form-control wpcf7-text wpcf7-validates-as-required\" aria-required=\"true\" aria-invalid=\"false\" \/><\/span><\/td>\n<\/tr>\n<tr>\n<td>E-mail:<\/td>\n<td><span class=\"wpcf7-form-control-wrap email\"><input type=\"email\" name=\"email\" value=\"\" size=\"40\" class=\"wpcf7-form-control wpcf7-text wpcf7-email wpcf7-validates-as-required wpcf7-validates-as-email\" aria-required=\"true\" aria-invalid=\"false\" \/><\/span><\/td>\n<\/tr>\n<tr>\n<td>Tel\u00e9fono:<\/td>\n<td><span class=\"wpcf7-form-control-wrap telefono\"><input type=\"text\" name=\"telefono\" value=\"\" size=\"40\" class=\"wpcf7-form-control wpcf7-text wpcf7-validates-as-required\" aria-required=\"true\" aria-invalid=\"false\" \/><\/span><\/td>\n<\/tr>\n<tr>\n<td>Consulta:<\/td>\n<td><span class=\"wpcf7-form-control-wrap consulta\"><textarea name=\"consulta\" cols=\"40\" rows=\"10\" class=\"wpcf7-form-control wpcf7-textarea\" aria-invalid=\"false\"><\/textarea><\/span><\/td>\n<\/tr>\n<tr>\n<td><\/td>\n<td><input type=\"submit\" value=\"Enviar\" class=\"wpcf7-form-control has-spinner wpcf7-submit\" \/><\/td>\n<\/tr>\n<\/table>\n<div class=\"wpcf7-response-output\" aria-hidden=\"true\"><\/div><\/form><\/div>[\/vc_column_inner][\/vc_row_inner][\/vc_column][\/vc_row][vc_row][vc_column][vc_column_text]<br \/>\n[\/vc_column_text][\/vc_column][\/vc_row]<\/p>\n","protected":false},"excerpt":{"rendered":"<p>[vc_row full_width=\u00bbstretch_row_content_no_spaces\u00bb css=\u00bb.vc_custom_1703151538579{margin-top: -25px !important;background-color: #770000 !important;}\u00bb][vc_column][vc_column_text] ABOGADOS PENALISTAS EN VALENCIA Despacho en Av. Primado Reig, 94-12\u00aa Valencia Llam\u00e1nos: 609 600 546 [\/vc_column_text][\/vc_column][\/vc_row][vc_row el_id=\u00bbquienessomos\u00bb][vc_column][vc_row_inner content_placement=\u00bbmiddle\u00bb][vc_column_inner width=\u00bb1\/2&#8243;][vc_empty_space][vc_column_text] Ortega Abogados Penalistas, especializados en derecho penal en VALENCIA. M\u00e1s de 30 a\u00f1os de experiencia profesional avalan nuestra gesti\u00f3n en el campo del derecho penal, asistiendo a nuestros clientes[&#8230;]<\/p>\n","protected":false},"author":1,"featured_media":0,"parent":0,"menu_order":0,"comment_status":"closed","ping_status":"closed","template":"","meta":{"footnotes":""},"yoast_head":"<!-- This site is optimized with the Yoast SEO plugin v22.5 - https:\/\/yoast.com\/wordpress\/plugins\/seo\/ -->\n<title>Gonzalo Ortega Abogados Penalistas | Abogado Penal Valencia<\/title>\n<meta name=\"description\" content=\"Abogado Penal en Valenica con m\u00e1s de 30 a\u00f1os de experiencia en derecho penal. Asistencia al detenido, estafa, tr\u00e1fico...\" \/>\n<meta name=\"robots\" content=\"index, follow, max-snippet:-1, max-image-preview:large, max-video-preview:-1\" \/>\n<link rel=\"canonical\" href=\"https:\/\/defensapenal.es\/\" \/>\n<meta property=\"og:locale\" content=\"es_ES\" \/>\n<meta property=\"og:type\" content=\"article\" \/>\n<meta property=\"og:title\" content=\"Gonzalo Ortega Abogados Penalistas | Abogado Penal Valencia\" \/>\n<meta property=\"og:description\" content=\"Abogado Penal en Valenica con m\u00e1s de 30 a\u00f1os de experiencia en derecho penal. Asistencia al detenido, estafa, tr\u00e1fico...\" \/>\n<meta property=\"og:url\" content=\"https:\/\/defensapenal.es\/\" \/>\n<meta property=\"og:site_name\" content=\"Gonzalo Ortega Abogado\" \/>\n<meta property=\"article:modified_time\" content=\"2024-06-05T09:39:12+00:00\" \/>\n<meta name=\"twitter:card\" content=\"summary_large_image\" \/>\n<meta name=\"twitter:label1\" content=\"Tiempo de lectura\" \/>\n\t<meta name=\"twitter:data1\" content=\"4 minutos\" \/>\n<script type=\"application\/ld+json\" class=\"yoast-schema-graph\">{\"@context\":\"https:\/\/schema.org\",\"@graph\":[{\"@type\":\"WebPage\",\"@id\":\"https:\/\/defensapenal.es\/\",\"url\":\"https:\/\/defensapenal.es\/\",\"name\":\"Gonzalo Ortega Abogados Penalistas | Abogado Penal Valencia\",\"isPartOf\":{\"@id\":\"https:\/\/defensapenal.es\/#website\"},\"datePublished\":\"2022-03-31T10:13:27+00:00\",\"dateModified\":\"2024-06-05T09:39:12+00:00\",\"description\":\"Abogado Penal en Valenica con m\u00e1s de 30 a\u00f1os de experiencia en derecho penal. Asistencia al detenido, estafa, tr\u00e1fico...\",\"breadcrumb\":{\"@id\":\"https:\/\/defensapenal.es\/#breadcrumb\"},\"inLanguage\":\"es\",\"potentialAction\":[{\"@type\":\"ReadAction\",\"target\":[\"https:\/\/defensapenal.es\/\"]}]},{\"@type\":\"BreadcrumbList\",\"@id\":\"https:\/\/defensapenal.es\/#breadcrumb\",\"itemListElement\":[{\"@type\":\"ListItem\",\"position\":1,\"name\":\"Portada\",\"item\":\"https:\/\/defensapenal.es\/\"},{\"@type\":\"ListItem\",\"position\":2,\"name\":\"Inicio\"}]},{\"@type\":\"WebSite\",\"@id\":\"https:\/\/defensapenal.es\/#website\",\"url\":\"https:\/\/defensapenal.es\/\",\"name\":\"Gonzalo Ortega Abogado\",\"description\":\"\",\"potentialAction\":[{\"@type\":\"SearchAction\",\"target\":{\"@type\":\"EntryPoint\",\"urlTemplate\":\"https:\/\/defensapenal.es\/?s={search_term_string}\"},\"query-input\":\"required name=search_term_string\"}],\"inLanguage\":\"es\"}]}<\/script>\n<!-- \/ Yoast SEO plugin. -->","yoast_head_json":{"title":"Gonzalo Ortega Abogados Penalistas | Abogado Penal Valencia","description":"Abogado Penal en Valenica con m\u00e1s de 30 a\u00f1os de experiencia en derecho penal. Asistencia al detenido, estafa, tr\u00e1fico...","robots":{"index":"index","follow":"follow","max-snippet":"max-snippet:-1","max-image-preview":"max-image-preview:large","max-video-preview":"max-video-preview:-1"},"canonical":"https:\/\/defensapenal.es\/","og_locale":"es_ES","og_type":"article","og_title":"Gonzalo Ortega Abogados Penalistas | Abogado Penal Valencia","og_description":"Abogado Penal en Valenica con m\u00e1s de 30 a\u00f1os de experiencia en derecho penal. Asistencia al detenido, estafa, tr\u00e1fico...","og_url":"https:\/\/defensapenal.es\/","og_site_name":"Gonzalo Ortega Abogado","article_modified_time":"2024-06-05T09:39:12+00:00","twitter_card":"summary_large_image","twitter_misc":{"Tiempo de lectura":"4 minutos"},"schema":{"@context":"https:\/\/schema.org","@graph":[{"@type":"WebPage","@id":"https:\/\/defensapenal.es\/","url":"https:\/\/defensapenal.es\/","name":"Gonzalo Ortega Abogados Penalistas | Abogado Penal Valencia","isPartOf":{"@id":"https:\/\/defensapenal.es\/#website"},"datePublished":"2022-03-31T10:13:27+00:00","dateModified":"2024-06-05T09:39:12+00:00","description":"Abogado Penal en Valenica con m\u00e1s de 30 a\u00f1os de experiencia en derecho penal. Asistencia al detenido, estafa, tr\u00e1fico...","breadcrumb":{"@id":"https:\/\/defensapenal.es\/#breadcrumb"},"inLanguage":"es","potentialAction":[{"@type":"ReadAction","target":["https:\/\/defensapenal.es\/"]}]},{"@type":"BreadcrumbList","@id":"https:\/\/defensapenal.es\/#breadcrumb","itemListElement":[{"@type":"ListItem","position":1,"name":"Portada","item":"https:\/\/defensapenal.es\/"},{"@type":"ListItem","position":2,"name":"Inicio"}]},{"@type":"WebSite","@id":"https:\/\/defensapenal.es\/#website","url":"https:\/\/defensapenal.es\/","name":"Gonzalo Ortega Abogado","description":"","potentialAction":[{"@type":"SearchAction","target":{"@type":"EntryPoint","urlTemplate":"https:\/\/defensapenal.es\/?s={search_term_string}"},"query-input":"required name=search_term_string"}],"inLanguage":"es"}]}},"_links":{"self":[{"href":"https:\/\/defensapenal.es\/index.php?rest_route=\/wp\/v2\/pages\/15"}],"collection":[{"href":"https:\/\/defensapenal.es\/index.php?rest_route=\/wp\/v2\/pages"}],"about":[{"href":"https:\/\/defensapenal.es\/index.php?rest_route=\/wp\/v2\/types\/page"}],"author":[{"embeddable":true,"href":"https:\/\/defensapenal.es\/index.php?rest_route=\/wp\/v2\/users\/1"}],"replies":[{"embeddable":true,"href":"https:\/\/defensapenal.es\/index.php?rest_route=%2Fwp%2Fv2%2Fcomments&post=15"}],"version-history":[{"count":77,"href":"https:\/\/defensapenal.es\/index.php?rest_route=\/wp\/v2\/pages\/15\/revisions"}],"predecessor-version":[{"id":128,"href":"https:\/\/defensapenal.es\/index.php?rest_route=\/wp\/v2\/pages\/15\/revisions\/128"}],"wp:attachment":[{"href":"https:\/\/defensapenal.es\/index.php?rest_route=%2Fwp%2Fv2%2Fmedia&parent=15"}],"curies":[{"name":"wp","href":"https:\/\/api.w.org\/{rel}","templated":true}]}}